{"id":29219,"date":"2023-10-27T15:40:13","date_gmt":"2023-10-27T13:40:13","guid":{"rendered":"https:\/\/dev.declick.ch\/?page_id=29219"},"modified":"2023-11-03T18:28:47","modified_gmt":"2023-11-03T17:28:47","slug":"entreprises","status":"publish","type":"page","link":"https:\/\/declick.ch\/de\/entreprises\/","title":{"rendered":"Entreprises"},"content":{"rendered":"<div data-elementor-type=\"wp-page\" data-elementor-id=\"29219\" class=\"elementor elementor-29219\">\r\n\t\t\t\t\t\t\t<div class=\"elementor-element elementor-element-76010b0 e-flex e-con-boxed e-con e-parent\" data-id=\"76010b0\" data-element_type=\"container\" data-settings=\"{&quot;content_width&quot;:&quot;boxed&quot;}\" data-core-v316-plus=\"true\">\r\n\t\t\t\t\t<div class=\"e-con-inner\">\r\n\t\t\t\t<div class=\"elementor-element elementor-element-0b31a2a elementor-widget elementor-widget-text-editor\" data-id=\"0b31a2a\" data-element_type=\"widget\" data-widget_type=\"text-editor.default\">\r\n\t\t\t\t<div class=\"elementor-widget-container\">\r\n\t\t\t<style>\/*! elementor - v3.17.0 - 08-11-2023 *\/\r\n.elementor-widget-text-editor.elementor-drop-cap-view-stacked .elementor-drop-cap{background-color:#69727d;color:#fff}.elementor-widget-text-editor.elementor-drop-cap-view-framed .elementor-drop-cap{color:#69727d;border:3px solid;background-color:transparent}.elementor-widget-text-editor:not(.elementor-drop-cap-view-default) .elementor-drop-cap{margin-top:8px}.elementor-widget-text-editor:not(.elementor-drop-cap-view-default) .elementor-drop-cap-letter{width:1em;height:1em}.elementor-widget-text-editor .elementor-drop-cap{float:left;text-align:center;line-height:1;font-size:50px}.elementor-widget-text-editor .elementor-drop-cap-letter{display:inline-block}<\/style>\t\t\t\t<h5 class=\"vc_custom_heading\">L&#8217;utilisation des \u00e9crans est\u00a0 d\u00e9sormais au centre de bien des activit\u00e9s des entreprises. Il est parfois compliqu\u00e9 pour les employ\u00e9s de d\u00e9connecter \u00e0 la fin de leur journ\u00e9e de travail. L&#8217;encadrement des \u00e9crans \u00e0 la maison avec des enfants peut aussi \u00eatre un d\u00e9fi impactant le quotidien professionnel.<\/h5>\t\t\t\t\t\t<\/div>\r\n\t\t\t\t<\/div>\r\n\t\t<div class=\"elementor-element elementor-element-a8be7be e-flex e-con-boxed e-con e-child\" data-id=\"a8be7be\" data-element_type=\"container\" data-settings=\"{&quot;content_width&quot;:&quot;boxed&quot;}\">\r\n\t\t\t\t\t<div class=\"e-con-inner\">\r\n\t\t<div class=\"elementor-element elementor-element-b5f4423 e-con-full e-flex e-con e-child\" data-id=\"b5f4423\" data-element_type=\"container\" data-settings=\"{&quot;content_width&quot;:&quot;full&quot;}\">\r\n\t\t<div class=\"elementor-element elementor-element-9d56355 e-con-full e-flex e-con e-child\" data-id=\"9d56355\" data-element_type=\"container\" data-settings=\"{&quot;content_width&quot;:&quot;full&quot;}\">\r\n\t\t<div class=\"elementor-element elementor-element-cd331ca e-con-full e-flex e-con e-child\" data-id=\"cd331ca\" data-element_type=\"container\" data-settings=\"{&quot;content_width&quot;:&quot;full&quot;}\">\r\n\t\t\t\t<div class=\"elementor-element elementor-element-528ad60 elementor-widget elementor-widget-heading\" data-id=\"528ad60\" data-element_type=\"widget\" data-widget_type=\"heading.default\">\r\n\t\t\t\t<div class=\"elementor-widget-container\">\r\n\t\t\t<style>\/*! elementor - v3.17.0 - 08-11-2023 *\/\r\n.elementor-heading-title{padding:0;margin:0;line-height:1}.elementor-widget-heading .elementor-heading-title[class*=elementor-size-]>a{color:inherit;font-size:inherit;line-height:inherit}.elementor-widget-heading .elementor-heading-title.elementor-size-small{font-size:15px}.elementor-widget-heading .elementor-heading-title.elementor-size-medium{font-size:19px}.elementor-widget-heading .elementor-heading-title.elementor-size-large{font-size:29px}.elementor-widget-heading .elementor-heading-title.elementor-size-xl{font-size:39px}.elementor-widget-heading .elementor-heading-title.elementor-size-xxl{font-size:59px}<\/style><h2 class=\"elementor-heading-title elementor-size-default\">Beschreibung<\/h2>\t\t<\/div>\r\n\t\t\t\t<\/div>\r\n\t\t\t\t<div class=\"elementor-element elementor-element-8896382 elementor-widget elementor-widget-text-editor\" data-id=\"8896382\" data-element_type=\"widget\" data-widget_type=\"text-editor.default\">\r\n\t\t\t\t<div class=\"elementor-widget-container\">\r\n\t\t\t\t\t\t\t<div class=\"wpb_text_column wpb_content_element vc_custom_1685474580984\"><div class=\"wpb_wrapper\"><p>Qu\u2019ils nous fascinent ou nous agacent, les \u00e9crans font partie int\u00e9grante de notre vie et ne laissent pas indiff\u00e9rents.<\/p><p><em>Vous ne pouvez pas vous passer de votre t\u00e9l\u00e9phone en mangeant ou en sortant avec des<\/em>\u00a0<em>amis ? Quitter la maison avec 15% de batterie vous angoisse ? Vous ne pouvez pas vous emp\u00eacher de v\u00e9rifier votre t\u00e9l\u00e9phone imm\u00e9diatement \u00e0 chaque notification ?<\/em><\/p><p>Vous avez alors de fortes chances de souffrir de \u00ab nomophobie \u00bb, la peur de ne pas pouvoir acc\u00e9der \u00e0 son smartphone. Adultes, adolescents, enfants, nous sommes tous concern\u00e9s car une personne sur deux en Suisse reconnait consacrer trop de temps \u00e0 son t\u00e9l\u00e9phone quotidiennement.<\/p><p>D\u00e9couvrez, entre autres, les origines de ce mal m\u00e9connu et apprenez \u00e0 limiter votre consommation et celles de vos proches de mani\u00e8re simple pour ainsi vivre l\u2019esprit tranquille. Pas de m\u00e9thode radicale, nous vous proposons quelques astuces faciles \u00e0 appliquer qui vous aideront \u00e0 r\u00e9duire le temps que vous passez sur votre smartphone, \u00e0 garder le contr\u00f4le sur votre identit\u00e9 num\u00e9rique et \u00e0 prot\u00e9ger vos donn\u00e9es personnelles.<\/p><\/div><\/div>\t\t\t\t\t\t<\/div>\r\n\t\t\t\t<\/div>\r\n\t\t\t\t<\/div>\r\n\t\t<div class=\"elementor-element elementor-element-281a13b e-con-full e-flex e-con e-child\" data-id=\"281a13b\" data-element_type=\"container\" data-settings=\"{&quot;content_width&quot;:&quot;full&quot;}\">\r\n\t\t\t\t<div class=\"elementor-element elementor-element-d145dd0 elementor-widget elementor-widget-eco_image\" data-id=\"d145dd0\" data-element_type=\"widget\" data-widget_type=\"eco_image.default\">\r\n\t\t\t\t<div class=\"elementor-widget-container\">\r\n\t\t\t            <div class=\"eco-image-wrapper\">\r\n                <div class=\"eco-image\">\r\n                    <img fetchpriority=\"high\" decoding=\"async\" width=\"2560\" height=\"1463\" src=\"https:\/\/declick.ch\/wp-content\/uploads\/2023\/10\/jeune-femme-tapant-ordinateur-portable-au-bureau-genere-par-ia-scaled.jpg\" class=\"attachment-full size-full wp-image-29332\" alt=\"\" srcset=\"https:\/\/declick.ch\/wp-content\/uploads\/2023\/10\/jeune-femme-tapant-ordinateur-portable-au-bureau-genere-par-ia-scaled.jpg 2560w, https:\/\/declick.ch\/wp-content\/uploads\/2023\/10\/jeune-femme-tapant-ordinateur-portable-au-bureau-genere-par-ia-300x171.jpg 300w, https:\/\/declick.ch\/wp-content\/uploads\/2023\/10\/jeune-femme-tapant-ordinateur-portable-au-bureau-genere-par-ia-1024x585.jpg 1024w, https:\/\/declick.ch\/wp-content\/uploads\/2023\/10\/jeune-femme-tapant-ordinateur-portable-au-bureau-genere-par-ia-768x439.jpg 768w, https:\/\/declick.ch\/wp-content\/uploads\/2023\/10\/jeune-femme-tapant-ordinateur-portable-au-bureau-genere-par-ia-1536x878.jpg 1536w, https:\/\/declick.ch\/wp-content\/uploads\/2023\/10\/jeune-femme-tapant-ordinateur-portable-au-bureau-genere-par-ia-2048x1170.jpg 2048w, https:\/\/declick.ch\/wp-content\/uploads\/2023\/10\/jeune-femme-tapant-ordinateur-portable-au-bureau-genere-par-ia-18x10.jpg 18w, https:\/\/declick.ch\/wp-content\/uploads\/2023\/10\/jeune-femme-tapant-ordinateur-portable-au-bureau-genere-par-ia-600x343.jpg 600w\" sizes=\"(max-width: 2560px) 100vw, 2560px\" \/>                <\/div>\r\n            <\/div>\r\n        \t\t<\/div>\r\n\t\t\t\t<\/div>\r\n\t\t\t\t<div class=\"elementor-element elementor-element-ab2dccc elementor-widget elementor-widget-text-editor\" data-id=\"ab2dccc\" data-element_type=\"widget\" data-widget_type=\"text-editor.default\">\r\n\t\t\t\t<div class=\"elementor-widget-container\">\r\n\t\t\t\t\t\t\t<p>Les th\u00e9matiques abord\u00e9es :\u00a0<\/p>\t\t\t\t\t\t<\/div>\r\n\t\t\t\t<\/div>\r\n\t\t\t\t<div class=\"elementor-element elementor-element-7f3e2f4 elementor-widget elementor-widget-eco_eco-v2\" data-id=\"7f3e2f4\" data-element_type=\"widget\" data-widget_type=\"eco_eco-v2.default\">\r\n\t\t\t\t<div class=\"elementor-widget-container\">\r\n\t\t\t        <div class=\"ecofine_list-wrapper\">\r\n            <div class=\"container-Full\">\r\n                <div class=\"row\">\r\n                                            <div class=\"col-xl-12 col-lg-12 col-md-12 col-12\">\r\n                            <div class=\"Eco-list-box\">\r\n                                <div class=\"eco-icon-list\">\r\n                                    <div class=\"eco-list-icon\">\r\n                                        <i aria-hidden=\"true\" class=\"bi bi-check2\"><\/i>                                    <\/div>\r\n                                <\/div>\r\n                                <div class=\"list-content-area\">\r\n\t\t\t\t\t\t\t\t\t \t\t\t\t\t\t\t\t\t\t<h3 class=\"list-title\"> \r\n\t\t\t\t\t\t\t\t\t\t\t\t\t\t\t\t\t\t\t\t\t\t Qu&#039;est-ce que la nomophobie et quelles sont ses origines ?\t\t\t\t\t\t\t\t\t\t\t\t\t\t\t\t\t\t\t\t\t<\/h3>\r\n\t\t\t\t\t\t\t\t \t\t\t\t\t\t\t\t\t\t                                <\/div>\r\n                            <\/div>\r\n                        <\/div>\r\n                                            <div class=\"col-xl-12 col-lg-12 col-md-12 col-12\">\r\n                            <div class=\"Eco-list-box\">\r\n                                <div class=\"eco-icon-list\">\r\n                                    <div class=\"eco-list-icon\">\r\n                                        <i aria-hidden=\"true\" class=\"bi bi-check2\"><\/i>                                    <\/div>\r\n                                <\/div>\r\n                                <div class=\"list-content-area\">\r\n\t\t\t\t\t\t\t\t\t \t\t\t\t\t\t\t\t\t\t<h3 class=\"list-title\"> \r\n\t\t\t\t\t\t\t\t\t\t\t\t\t\t\t\t\t\t\t\t\t\tWie kann ich meine Nutzungsdauer regulieren?\t\t\t\t\t\t\t\t\t\t\t\t\t\t\t\t\t\t\t\t\t<\/h3>\r\n\t\t\t\t\t\t\t\t \t\t\t\t\t\t\t\t\t\t                                <\/div>\r\n                            <\/div>\r\n                        <\/div>\r\n                                            <div class=\"col-xl-12 col-lg-12 col-md-12 col-12\">\r\n                            <div class=\"Eco-list-box\">\r\n                                <div class=\"eco-icon-list\">\r\n                                    <div class=\"eco-list-icon\">\r\n                                        <i aria-hidden=\"true\" class=\"bi bi-check2\"><\/i>                                    <\/div>\r\n                                <\/div>\r\n                                <div class=\"list-content-area\">\r\n\t\t\t\t\t\t\t\t\t \t\t\t\t\t\t\t\t\t\t<h3 class=\"list-title\"> \r\n\t\t\t\t\t\t\t\t\t\t\t\t\t\t\t\t\t\t\t\t\t\t Welche personenbezogenen Daten werden von sozialen Netzwerken gesammelt?\t\t\t\t\t\t\t\t\t\t\t\t\t\t\t\t\t\t\t\t\t<\/h3>\r\n\t\t\t\t\t\t\t\t \t\t\t\t\t\t\t\t\t\t                                <\/div>\r\n                            <\/div>\r\n                        <\/div>\r\n                                            <div class=\"col-xl-12 col-lg-12 col-md-12 col-12\">\r\n                            <div class=\"Eco-list-box\">\r\n                                <div class=\"eco-icon-list\">\r\n                                    <div class=\"eco-list-icon\">\r\n                                        <i aria-hidden=\"true\" class=\"bi bi-check2\"><\/i>                                    <\/div>\r\n                                <\/div>\r\n                                <div class=\"list-content-area\">\r\n\t\t\t\t\t\t\t\t\t \t\t\t\t\t\t\t\t\t\t<h3 class=\"list-title\"> \r\n\t\t\t\t\t\t\t\t\t\t\t\t\t\t\t\t\t\t\t\t\t\tQuelles astuces pour l&#039;encadrement des \u00e9crans \u00e0 la maison ?\t\t\t\t\t\t\t\t\t\t\t\t\t\t\t\t\t\t\t\t\t<\/h3>\r\n\t\t\t\t\t\t\t\t \t\t\t\t\t\t\t\t\t\t                                <\/div>\r\n                            <\/div>\r\n                        <\/div>\r\n                                            <div class=\"col-xl-12 col-lg-12 col-md-12 col-12\">\r\n                            <div class=\"Eco-list-box\">\r\n                                <div class=\"eco-icon-list\">\r\n                                    <div class=\"eco-list-icon\">\r\n                                        <i aria-hidden=\"true\" class=\"bi bi-check2\"><\/i>                                    <\/div>\r\n                                <\/div>\r\n                                <div class=\"list-content-area\">\r\n\t\t\t\t\t\t\t\t\t \t\t\t\t\t\t\t\t\t\t<h3 class=\"list-title\"> \r\n\t\t\t\t\t\t\t\t\t\t\t\t\t\t\t\t\t\t\t\t\t\tComment prot\u00e9ger les plus jeunes face au cyberharc\u00e8lement et au sexting ?\t\t\t\t\t\t\t\t\t\t\t\t\t\t\t\t\t\t\t\t\t<\/h3>\r\n\t\t\t\t\t\t\t\t \t\t\t\t\t\t\t\t\t\t                                <\/div>\r\n                            <\/div>\r\n                        <\/div>\r\n                                    <\/div>\r\n            <\/div>\r\n        <\/div>\r\n    \t\t<\/div>\r\n\t\t\t\t<\/div>\r\n\t\t\t\t<\/div>\r\n\t\t\t\t<\/div>\r\n\t\t\t\t<\/div>\r\n\t\t\t\t\t<\/div>\r\n\t\t\t\t<\/div>\r\n\t\t\t\t\t<\/div>\r\n\t\t\t\t<\/div>\r\n\t\t<div class=\"elementor-element elementor-element-63fd8a2 e-flex e-con-boxed e-con e-parent\" data-id=\"63fd8a2\" data-element_type=\"container\" data-settings=\"{&quot;content_width&quot;:&quot;boxed&quot;}\" data-core-v316-plus=\"true\">\r\n\t\t\t\t\t<div class=\"e-con-inner\">\r\n\t\t\t\t<div class=\"elementor-element elementor-element-7934a56 elementor-widget elementor-widget-eco_icon_box\" data-id=\"7934a56\" data-element_type=\"widget\" data-widget_type=\"eco_icon_box.default\">\r\n\t\t\t\t<div class=\"elementor-widget-container\">\r\n\t\t\t        <div class=\"eco-icon-box-wrapper\">\r\n            <div class=\"container\">\r\n                <div class=\"eco-icon-boxs\">\r\n                    <div class=\"row\">\r\n                                                <div class=\"col-xl-4 col-lg-4 col-md-4 col-12\">\r\n                            <div class=\"eco-icon-box-item\">\r\n                                                                            <div class=\"eco-icon\">\r\n                                           <div class=\"eco-icon-position\">\r\n                                            <i aria-hidden=\"true\" class=\"far fa-calendar-alt\"><\/i>                                            <\/div>\r\n                                        <\/div>\r\n                                    \r\n                                                                                                            <h3 class=\"icon-title\">\r\n                                            Verf\u00fcgbarkeit                                        <\/h3>\r\n                                                                                                    <div class=\"icon-description\">\r\n                                    N&#039;h\u00e9sitez pas \u00e0 nous contacter pour conna\u00eetre nos disponiblit\u00e9s.                                <\/div>\r\n                            <\/div>\r\n                        <\/div>\r\n                                                <div class=\"col-xl-4 col-lg-4 col-md-4 col-12\">\r\n                            <div class=\"eco-icon-box-item\">\r\n                                                                            <div class=\"eco-icon\">\r\n                                           <div class=\"eco-icon-position\">\r\n                                            <i aria-hidden=\"true\" class=\"far fa-clock\"><\/i>                                            <\/div>\r\n                                        <\/div>\r\n                                    \r\n                                                                                                            <h3 class=\"icon-title\">\r\n                                            Dauer                                        <\/h3>\r\n                                                                                                    <div class=\"icon-description\">\r\n                                    Les ateliers de formation continue durent 3h pour 15 personnes maximum.                                <\/div>\r\n                            <\/div>\r\n                        <\/div>\r\n                                                <div class=\"col-xl-4 col-lg-4 col-md-4 col-12\">\r\n                            <div class=\"eco-icon-box-item\">\r\n                                                                            <div class=\"eco-icon\">\r\n                                           <div class=\"eco-icon-position\">\r\n                                            <i aria-hidden=\"true\" class=\"icofont icofont-price\"><\/i>                                            <\/div>\r\n                                        <\/div>\r\n                                    \r\n                                                                                                            <h3 class=\"icon-title\">\r\n                                            Kosten                                        <\/h3>\r\n                                                                                                    <div class=\"icon-description\">\r\n                                    Z\u00f6gern Sie nicht, uns f\u00fcr ein Angebot zu kontaktieren.                                <\/div>\r\n                            <\/div>\r\n                        <\/div>\r\n                                            <\/div>\r\n                <\/div>\r\n            <\/div>\r\n        <\/div>\r\n        \t\t<\/div>\r\n\t\t\t\t<\/div>\r\n\t\t\t\t\t<\/div>\r\n\t\t\t\t<\/div>\r\n\t\t\t\t\t\t\t<\/div>","protected":false},"excerpt":{"rendered":"<p>L&#8217;utilisation des \u00e9crans est\u00a0 d\u00e9sormais au centre de bien des activit\u00e9s des entreprises. Il est parfois compliqu\u00e9 pour les employ\u00e9s de d\u00e9connecter \u00e0 la fin de leur journ\u00e9e de travail. L&#8217;encadrement des \u00e9crans \u00e0 la maison avec des enfants peut aussi \u00eatre un d\u00e9fi impactant le quotidien professionnel. Descriptif Qu\u2019ils nous fascinent ou nous agacent, [&hellip;]<\/p>","protected":false},"author":1,"featured_media":0,"parent":0,"menu_order":0,"comment_status":"closed","ping_status":"closed","template":"blank-template.php","meta":{"om_disable_all_campaigns":false,"_monsterinsights_skip_tracking":false,"_monsterinsights_sitenote_active":false,"_monsterinsights_sitenote_note":"","_monsterinsights_sitenote_category":0,"_uf_show_specific_survey":0,"_uf_disable_surveys":false,"footnotes":""},"class_list":["post-29219","page","type-page","status-publish","hentry"],"aioseo_notices":[],"_links":{"self":[{"href":"https:\/\/declick.ch\/de\/wp-json\/wp\/v2\/pages\/29219","targetHints":{"allow":["GET"]}}],"collection":[{"href":"https:\/\/declick.ch\/de\/wp-json\/wp\/v2\/pages"}],"about":[{"href":"https:\/\/declick.ch\/de\/wp-json\/wp\/v2\/types\/page"}],"author":[{"embeddable":true,"href":"https:\/\/declick.ch\/de\/wp-json\/wp\/v2\/users\/1"}],"replies":[{"embeddable":true,"href":"https:\/\/declick.ch\/de\/wp-json\/wp\/v2\/comments?post=29219"}],"version-history":[{"count":20,"href":"https:\/\/declick.ch\/de\/wp-json\/wp\/v2\/pages\/29219\/revisions"}],"predecessor-version":[{"id":29872,"href":"https:\/\/declick.ch\/de\/wp-json\/wp\/v2\/pages\/29219\/revisions\/29872"}],"wp:attachment":[{"href":"https:\/\/declick.ch\/de\/wp-json\/wp\/v2\/media?parent=29219"}],"curies":[{"name":"wp","href":"https:\/\/api.w.org\/{rel}","templated":true}]}}